{"id":1881,"date":"2025-10-22T12:11:32","date_gmt":"2025-10-22T12:11:32","guid":{"rendered":"https:\/\/2026.bibliocon.de\/registration\/"},"modified":"2026-04-10T08:31:42","modified_gmt":"2026-04-10T08:31:42","slug":"registration","status":"publish","type":"page","link":"https:\/\/2026.bibliocon.de\/en\/registration\/","title":{"rendered":"Registration"},"content":{"rendered":"\t\t<div data-elementor-type=\"wp-page\" data-elementor-id=\"1881\" class=\"elementor elementor-1881 elementor-1551\" data-elementor-post-type=\"page\">\n\t\t\t\t<div class=\"elementor-element elementor-element-ed90341 e-con-full e-flex e-con e-parent\" data-id=\"ed90341\" data-element_type=\"container\">\n\t\t<div class=\"elementor-element elementor-element-509362f e-con-full e-flex e-con e-child\" data-id=\"509362f\" data-element_type=\"container\" data-settings=\"{&quot;background_background&quot;:&quot;classic&quot;}\">\n\t\t\t\t<\/div>\n\t\t<div class=\"elementor-element elementor-element-51f2b04 e-con-full e-flex e-con e-child\" data-id=\"51f2b04\" data-element_type=\"container\">\n\t\t\t\t<div class=\"elementor-element elementor-element-b5b99f5 elementor-widget__width-initial elementor-invisible elementor-widget elementor-widget-heading\" data-id=\"b5b99f5\" data-element_type=\"widget\" data-settings=\"{&quot;_animation&quot;:&quot;fadeInRight&quot;}\" data-widget_type=\"heading.default\">\n\t\t\t\t<div class=\"elementor-widget-container\">\n\t\t\t\t\t<h2 class=\"elementor-heading-title elementor-size-default\">Registration<\/h2>\t\t\t\t<\/div>\n\t\t\t\t<\/div>\n\t\t\t\t<div class=\"elementor-element elementor-element-d1f3d5b elementor-widget__width-initial elementor-widget elementor-widget-text-editor\" data-id=\"d1f3d5b\" data-element_type=\"widget\" data-widget_type=\"text-editor.default\">\n\t\t\t\t<div class=\"elementor-widget-container\">\n\t\t\t\t\t\t\t\t\t<div class=\"row grid-bottom-padding\"><div class=\"grid col-md-12 col-sm-12 col-xs-12 block-default \"><p>The registration for the 114.BiblioCon2026 is now open.<\/p><p>The early bird discount will be available until 31 March 2026.<\/p><p>From 1 April 2026, registration will still be possible at the standard fee.<\/p><\/div><\/div>\t\t\t\t\t\t\t\t<\/div>\n\t\t\t\t<\/div>\n\t\t\t\t<div class=\"elementor-element elementor-element-5667f99 elementor-widget elementor-widget-button\" data-id=\"5667f99\" data-element_type=\"widget\" data-widget_type=\"button.default\">\n\t\t\t\t<div class=\"elementor-widget-container\">\n\t\t\t\t\t\t\t\t\t<div class=\"elementor-button-wrapper\">\n\t\t\t\t\t<a class=\"elementor-button elementor-button-link elementor-size-sm\" href=\"https:\/\/kit-react.de\/portal\/init?mnemonic=BiblioCon26-P\" target=\"_blank\">\n\t\t\t\t\t\t<span class=\"elementor-button-content-wrapper\">\n\t\t\t\t\t\t\t\t\t<span class=\"elementor-button-text\">To the online registration form<\/span>\n\t\t\t\t\t<\/span>\n\t\t\t\t\t<\/a>\n\t\t\t\t<\/div>\n\t\t\t\t\t\t\t\t<\/div>\n\t\t\t\t<\/div>\n\t\t\t\t<\/div>\n\t\t\t\t<\/div>\n\t\t<div class=\"elementor-element elementor-element-b38af27 e-con-full e-flex e-con e-parent\" data-id=\"b38af27\" data-element_type=\"container\">\n\t\t<div class=\"elementor-element elementor-element-daf1984 e-con-full e-flex e-con e-child\" data-id=\"daf1984\" data-element_type=\"container\">\n\t\t\t\t<div class=\"elementor-element elementor-element-447d595 elementor-widget elementor-widget-text-editor\" data-id=\"447d595\" data-element_type=\"widget\" data-widget_type=\"text-editor.default\">\n\t\t\t\t<div class=\"elementor-widget-container\">\n\t\t\t\t\t\t\t\t\t<div class=\"vc_row wpb_row vc_row-fluid dt-default\"><div class=\"wpb_column vc_column_container vc_col-sm-12\"><div class=\"vc_column-inner\"><div class=\"wpb_wrapper\"><div class=\"wpb_text_column wpb_content_element \"><div class=\"wpb_wrapper\"><h3><strong>Participation fees for the attendance in Berlin<\/strong><\/h3><p><strong>Participation fee for members<\/strong>:<br>140 \u20ac for registration and payment by 31.03.2026, for later registrations 170 \u20ac. (for members of the associations BIB, VDB, ALA, Bibliosuisse, BV\u00d6, BVS, V\u00d6B)<\/p><p>Only personal members of Bibliosuisse, BVS and BV\u00d6 receive a member discount, not employees of a library that is in turn a member of an umbrella organisation. To verify your membership, please enter your membership number in the online registration form. <\/p><p>The benefits of membership as well as links to the membership pages, can be found below.<\/p><p><strong>Participation fee for non-members<\/strong>:<br>285 \u20ac if registered and paid by 31.03.2026, for later registrations 325 \u20ac. Benefit from the reduced membership fee already in 2025 and become a member before registering! You will find the information below. <\/p><p>Participation fee for reduced participants**:<br>75 \u20ac for registration and payment by 31.03.2026, for later registrations 85 \u20ac. Trainees, students (also of part-time courses of study), participants in professional training courses, trainee lawyers, job-seekers and pensioners are eligible for a reduced fee. **A certificate valid at the time of registration and for the duration of the event must be submitted with the registration.<\/p><p><strong>Day Tickets<\/strong> will also be available: Day ticket for members: 95 \u20ac for registration and payment until 31.03.2026, afterwards 110 \u20ac. Day ticket for non-members: 160 \u20ac if registered and paid for by 31.03.2026, 175 \u20ac thereafter. Day ticket for reduced participants**: 45 \u20ac for registration and payment until 31.03.2026, afterwards 50 \u20ac.<\/p><p>**A certificate for the reduced fee \u2013 valid at the time of registration and for the duration of the event \u2013 must be submitted with the registration.<\/p><p>There is no ticket for the public transport included in the registration fees.<\/p><h3><strong>Participation fees for purely virtual streaming participation<\/strong><\/h3><p>Streaming will take place from three lecture rooms. You can follow the streams and post comments and questions live to the session moderator. The streams will also be available as recordings from the next day until the end of the year. The recordings are generally only available to registered participants. The following reduced fees apply for exclusive participation in this streaming:  <\/p><p>Participation fee for members: 90 \u20ac<br>Participation fee for non-members: 180 \u20ac<br>Participation fee for reduced participants**: 50 \u20ac<\/p><p>Streaming is included for all participants in the face-to-face event.<\/p><p>**A certificate for the reduced fee \u2013 valid at the time of registration and for the duration of the event \u2013 must be submitted with the registration.<\/p><h3><strong>Participation fees for speakers<\/strong><\/h3><p>All speaker have to register themselves, this will not be done automatically. The participation regulations for speakers and session chairs can be found in the <a href=\"https:\/\/2026.bibliocon.de\/en\/call-for-papers\/\" target=\"_blank\" rel=\"noopener\">Call for Papers<\/a> broken down by event type.<br>https:\/\/2026.bibliocon.de\/call-for-papers\/<\/p><p>In summary: Speaker of individual presentations as well as organiser of Hands-on Labs or panel discussions will receive free admission (one person). Please choose \u2018speaker\u2019 as participation type in the online registrationform. Working sessions company presentations and sessions at #Freiraum26 are exempt from a free registration. <\/p><\/div><\/div><\/div><\/div><\/div><\/div>\t\t\t\t\t\t\t\t<\/div>\n\t\t\t\t<\/div>\n\t\t\t\t<\/div>\n\t\t\t\t<\/div>\n\t\t<div class=\"elementor-element elementor-element-4e44ffd e-con-full e-flex e-con e-parent\" data-id=\"4e44ffd\" data-element_type=\"container\">\n\t\t<div class=\"elementor-element elementor-element-1c9ae18 e-con-full e-flex e-con e-child\" data-id=\"1c9ae18\" data-element_type=\"container\">\n\t\t\t\t<div class=\"elementor-element elementor-element-30958d0 elementor-widget elementor-widget-button\" data-id=\"30958d0\" data-element_type=\"widget\" data-widget_type=\"button.default\">\n\t\t\t\t<div class=\"elementor-widget-container\">\n\t\t\t\t\t\t\t\t\t<div class=\"elementor-button-wrapper\">\n\t\t\t\t\t<a class=\"elementor-button elementor-button-link elementor-size-sm\" href=\"https:\/\/kit-react.de\/portal\/init?mnemonic=BiblioCon26-P\">\n\t\t\t\t\t\t<span class=\"elementor-button-content-wrapper\">\n\t\t\t\t\t\t\t\t\t<span class=\"elementor-button-text\">To the online registration form<\/span>\n\t\t\t\t\t<\/span>\n\t\t\t\t\t<\/a>\n\t\t\t\t<\/div>\n\t\t\t\t\t\t\t\t<\/div>\n\t\t\t\t<\/div>\n\t\t\t\t<div class=\"elementor-element elementor-element-8622f98 elementor-widget-divider--view-line_text elementor-widget-divider--element-align-center elementor-widget elementor-widget-divider\" data-id=\"8622f98\" data-element_type=\"widget\" data-widget_type=\"divider.default\">\n\t\t\t\t<div class=\"elementor-widget-container\">\n\t\t\t\t\t\t\t<div class=\"elementor-divider\">\n\t\t\t<span class=\"elementor-divider-separator\">\n\t\t\t\t\t\t\t<span class=\"elementor-divider__text elementor-divider__element\">\n\t\t\t\tMiscellaneous\t\t\t\t<\/span>\n\t\t\t\t\t\t<\/span>\n\t\t<\/div>\n\t\t\t\t\t\t<\/div>\n\t\t\t\t<\/div>\n\t\t\t\t<\/div>\n\t\t\t\t<\/div>\n\t\t<div class=\"elementor-element elementor-element-0c281f2 e-con-full e-flex e-con e-parent\" data-id=\"0c281f2\" data-element_type=\"container\">\n\t\t<div class=\"elementor-element elementor-element-fa6b9e5 e-con-full e-flex e-con e-child\" data-id=\"fa6b9e5\" data-element_type=\"container\">\n\t\t\t\t<div class=\"elementor-element elementor-element-5b2593c elementor-widget elementor-widget-text-editor\" data-id=\"5b2593c\" data-element_type=\"widget\" data-widget_type=\"text-editor.default\">\n\t\t\t\t<div class=\"elementor-widget-container\">\n\t\t\t\t\t\t\t\t\t<div class=\"wpb_column vc_column_container vc_col-sm-4\"><div class=\"vc_column-inner\"><div class=\"wpb_wrapper\"><div class=\"wpb_text_column wpb_content_element \"><div class=\"wpb_wrapper\"><h5><strong>Name Badge<\/strong><\/h5><p>All participants who have registered by May 15 and paid the registration fee in full will receive a booking confirmation with a personal QR code by email in the week before the conference. Please be sure to bring this confirmation with you to BiblioCon so that you can print out your own name badge at the self-service printing stations in the registration area (in the rotunda) at the Estrel Berlin. All other participants will receive their documents at the registration desk.  <\/p><p>The name badge should be worn in a clearly visible position at all times.<\/p><p>If the name tag is lost, a fee of \u20ac15 will be charged for a replacement name badge.<\/p><p>There is no ticket for the public transportation included.<\/p><\/div><\/div><\/div><\/div><\/div>\t\t\t\t\t\t\t\t<\/div>\n\t\t\t\t<\/div>\n\t\t\t\t<\/div>\n\t\t<div class=\"elementor-element elementor-element-265481f e-con-full e-flex e-con e-child\" data-id=\"265481f\" data-element_type=\"container\">\n\t\t\t\t<div class=\"elementor-element elementor-element-b47ed70 elementor-widget elementor-widget-text-editor\" data-id=\"b47ed70\" data-element_type=\"widget\" data-widget_type=\"text-editor.default\">\n\t\t\t\t<div class=\"elementor-widget-container\">\n\t\t\t\t\t\t\t\t\t<div class=\"wpb_column vc_column_container vc_col-sm-4\"><div class=\"vc_column-inner\"><div class=\"wpb_wrapper\"><div class=\"wpb_text_column wpb_content_element \"><div class=\"wpb_wrapper\"><h5><strong>Certificate of Attendance<\/strong><\/h5><p>After the conference, all participants will receive a certificate of attendance in PDF format as an email attachment. There will be no printed copies available on site. <\/p><\/div><\/div><div class=\"wpb_text_column wpb_content_element \"><div class=\"wpb_wrapper\"><h5><strong>Educational Leave<\/strong><\/h5><p>Due to the new education law, the conference is no longer recognized as eligible for educational leave in any state.<\/p><\/div><\/div><\/div><\/div><\/div>\t\t\t\t\t\t\t\t<\/div>\n\t\t\t\t<\/div>\n\t\t\t\t<\/div>\n\t\t<div class=\"elementor-element elementor-element-8ca5f9b e-con-full e-flex e-con e-child\" data-id=\"8ca5f9b\" data-element_type=\"container\">\n\t\t\t\t<div class=\"elementor-element elementor-element-4dd0580 elementor-widget elementor-widget-text-editor\" data-id=\"4dd0580\" data-element_type=\"widget\" data-widget_type=\"text-editor.default\">\n\t\t\t\t<div class=\"elementor-widget-container\">\n\t\t\t\t\t\t\t\t\t<div class=\"wpb_column vc_column_container vc_col-sm-4\"><div class=\"vc_column-inner\"><div class=\"wpb_wrapper\"><div class=\"wpb_text_column wpb_content_element \"><div class=\"wpb_wrapper\"><h5><strong>Terms &amp; Conditions<\/strong><\/h5><p>You can view the Terms and Conditions for registration <a href=\"https:\/\/2026.bibliocon.de\/wp-content\/uploads\/2025\/11\/BiblioCon2026_Allgemeine-Geschaeftsbedingungen.pdf\" target=\"_blank\" rel=\"noopener\">here.<\/a><\/p><\/div><\/div><div class=\"wpb_text_column wpb_content_element \"><div class=\"wpb_wrapper\"><div class=\"wpb_text_column wpb_content_element \"><div class=\"wpb_wrapper\"><h5><strong>Note for international participants from outside Germany<\/strong><\/h5><p>You can apply for a subsidy for the participation fees at BI International: Our Grants \u2013 Bi-International<br><a href=\"https:\/\/www.bi-international.de\/de_DE\/infos-foerderung\" target=\"_blank\" rel=\"noopener\">https:\/\/www.bi-international.de\/de_DE\/infos-foerderung<\/a>.<\/p><\/div><\/div><\/div><\/div><\/div><\/div><\/div>\t\t\t\t\t\t\t\t<\/div>\n\t\t\t\t<\/div>\n\t\t\t\t<\/div>\n\t\t\t\t<\/div>\n\t\t<div class=\"elementor-element elementor-element-01424b1 e-con-full e-flex e-con e-parent\" data-id=\"01424b1\" data-element_type=\"container\">\n\t\t<div class=\"elementor-element elementor-element-8e9dea0 e-con-full e-flex e-con e-child\" data-id=\"8e9dea0\" data-element_type=\"container\">\n\t\t\t\t<div class=\"elementor-element elementor-element-0435140 elementor-widget-divider--view-line_text elementor-widget-divider--element-align-center elementor-widget elementor-widget-divider\" data-id=\"0435140\" data-element_type=\"widget\" data-widget_type=\"divider.default\">\n\t\t\t\t<div class=\"elementor-widget-container\">\n\t\t\t\t\t\t\t<div class=\"elementor-divider\">\n\t\t\t<span class=\"elementor-divider-separator\">\n\t\t\t\t\t\t\t<span class=\"elementor-divider__text elementor-divider__element\">\n\t\t\t\tMembership\t\t\t\t<\/span>\n\t\t\t\t\t\t<\/span>\n\t\t<\/div>\n\t\t\t\t\t\t<\/div>\n\t\t\t\t<\/div>\n\t\t\t\t<\/div>\n\t\t\t\t<\/div>\n\t\t<div class=\"elementor-element elementor-element-250b8e3 e-con-full e-flex e-con e-parent\" data-id=\"250b8e3\" data-element_type=\"container\">\n\t\t<div class=\"elementor-element elementor-element-7eac047 e-con-full e-flex e-con e-child\" data-id=\"7eac047\" data-element_type=\"container\">\n\t\t\t\t<div class=\"elementor-element elementor-element-545df47 elementor-widget elementor-widget-text-editor\" data-id=\"545df47\" data-element_type=\"widget\" data-widget_type=\"text-editor.default\">\n\t\t\t\t<div class=\"elementor-widget-container\">\n\t\t\t\t\t\t\t\t\t<div class=\"wpb_text_column wpb_content_element \"><div class=\"wpb_wrapper\"><h5><a href=\"https:\/\/www.bib-info.de\/berufsverband\/mitglied-werden\" target=\"_blank\" rel=\"noopener noreferrer\"><strong>Eine Mitgliedschaft im BIB lohnt sich!<\/strong><\/a><\/h5><p>Im BIB pflegen wir eine offene, sparten\u00fcbergreifende und hierarchiefreie Kultur. Jede*r ist willkommen und kann sich einbringen! Ordentliches Mitglied im BIB k\u00f6nnen Personen werden, die in bibliothekarischen und informationswissenschaftlichen Berufen t\u00e4tig sind, sowie Besch\u00e4ftigte in Bibliotheken und IuD-Einrichtungen. Ebenso steht die Mitgliedschaft Auszubildenden und Studierenden in entsprechenden Ausbildungs- oder Studieng\u00e4ngen offen.   <\/p><p>Ihre Vorteile: Als Mitglied des BIB<\/p><ul><li>sind Sie Teil einer gro\u00dfen, fachlich breit aufgestellten Community. Sie haben die M\u00f6glichkeit, bundesweit und regional wertvolle Kontakte zu kn\u00fcpfen und Unterst\u00fctzung zu finden, ob bei Fragen zur Eingruppierung, Stellenausschreibungen oder anderen beruflichen Anliegen. <\/li><li>erhalten Sie eine Erm\u00e4\u00dfigung bei Teilnahme an Fortbildungsveranstaltungen des BIB und weiteren Verb\u00e4nden (VDB, ALBAD, Bibliosuisse, BV\u00d6 und BVS) sowie beim Besuch von BiblioCon\/Bibliothekskongress und Frankfurter Buchmesse<\/li><li>erhalten Sie regelm\u00e4\u00dfig unser Fachmagazin BuB \u2013 in Print und digital in der BuB-App und bleiben stets auf dem neuesten Stand zu wichtigen Entwicklungen in unserem Berufsfeld.<\/li><li>setzen Sie ein Zeichen gegen Extremismus und tauschen Sie sich in unserer Community mit Expert*innen aus. Damit setzen Sie gesellschaftliche Verantwortung und st\u00e4rken zugleich Ihre fachliche Kompetenz. <\/li><li>unterst\u00fctzen durch Ihren Mitgliedsbeitrag unsere freien Angebote f\u00fcr alle. Dazu geh\u00f6ren z. B. BiblioJobs, unsere Datenbank f\u00fcr Ausbildungs- und Praktikumsstellen, BIB-OPUS und die Onlinetagung #vBIB. <\/li><\/ul><p>Wir freuen uns darauf, Sie als Mitglied im BIB begr\u00fc\u00dfen zu d\u00fcrfen!<\/p><\/div><\/div>\t\t\t\t\t\t\t\t<\/div>\n\t\t\t\t<\/div>\n\t\t\t\t<\/div>\n\t\t<div class=\"elementor-element elementor-element-0485610 e-con-full e-flex e-con e-child\" data-id=\"0485610\" data-element_type=\"container\">\n\t\t\t\t<div class=\"elementor-element elementor-element-71a9dcd elementor-widget elementor-widget-text-editor\" data-id=\"71a9dcd\" data-element_type=\"widget\" data-widget_type=\"text-editor.default\">\n\t\t\t\t<div class=\"elementor-widget-container\">\n\t\t\t\t\t\t\t\t\t<div class=\"wpb_text_column wpb_content_element \"><div class=\"wpb_wrapper\"><h5><a href=\"https:\/\/www.vdb-online.org\/mitgliedschaft\/\" target=\"_blank\" rel=\"noopener noreferrer\"><strong>Wir laden Sie herzlich ein VDB Mitglied zu werden!<\/strong><\/a><\/h5><p>Mitglied im VDB k\u00f6nnen Sie werden, wenn Sie den Zielen des VDB nahestehen und diese vertreten. Insbesondere freuen wir uns \u00fcber Neumitglieder, die sich in einer bibliothekarischen Ausbildung befinden oder diese abgeschlossen haben oder in einer Bibliothek bzw. vergleichbaren Einrichtung beruflich t\u00e4tig sind. <\/p><p>Ihre Vorteile: Als Mitglied des VDB erhalten Sie<\/p><ul><li>einen starken Partner an Ihrer Seite, der Ihre beruflichen Interessen auf allen Ebenen vertritt und wertvolle Lobbyarbeit leistet,<\/li><li>viele Angebote an bedarfsgerechter Fort- und Weiterbildung,<\/li><li>das <em>Jahrbuch der Deutschen Bibliotheken<\/em> als wichtiges Nachschlagewerk,<\/li><li>die erm\u00e4\u00dfigte Teilnahme an der BiblioCon sowie<\/li><li>die erm\u00e4\u00dfigte Teilnahme an den \u00fcbrigen Fortbildungen des VDB, des Schwesterverbandes BIB sowie den Fortbildungsveranstaltungen und Kongressen weiterer Verb\u00e4nde (ALBAD, Bibliosuisse, BV\u00d6 und BVS), insbesondere am \u00f6sterreichischen Bibliothekskongress<\/li><li><em>o-bib. Das offene Bibliotheksjournal<\/em> ist die Fachzeitschrift und zugleich das Mitteilungsblatt des VDB. Der Name ist dabei Programm: <em>o-bib<\/em> ist eine Diamond Open Access-Zeitschrift und offen f\u00fcr eine breite Palette an bibliothekarischen Themen. <em>o-bib<\/em>-Beitr\u00e4ge erscheinen zeitnah nach Abschluss des redaktionellen Prozesses und werden viertelj\u00e4hrlich in einem Heft zusammengefasst. <\/li><\/ul><\/div><\/div>\t\t\t\t\t\t\t\t<\/div>\n\t\t\t\t<\/div>\n\t\t\t\t<\/div>\n\t\t\t\t<\/div>\n\t\t\t\t<\/div>\n\t\t","protected":false},"excerpt":{"rendered":"<p>Registration The registration for the 114.BiblioCon2026 is now open. The early bird discount will be available until 31 March 2026. From 1 April 2026, registration will still be possible at the standard fee. To the online registration form Participation fees for the attendance in Berlin Participation fee for members:140 \u20ac for registration and payment by [&hellip;]<\/p>\n","protected":false},"author":3,"featured_media":0,"parent":0,"menu_order":0,"comment_status":"closed","ping_status":"closed","template":"elementor_header_footer","meta":{"footnotes":""},"class_list":["post-1881","page","type-page","status-publish","hentry"],"_links":{"self":[{"href":"https:\/\/2026.bibliocon.de\/en\/wp-json\/wp\/v2\/pages\/1881","targetHints":{"allow":["GET"]}}],"collection":[{"href":"https:\/\/2026.bibliocon.de\/en\/wp-json\/wp\/v2\/pages"}],"about":[{"href":"https:\/\/2026.bibliocon.de\/en\/wp-json\/wp\/v2\/types\/page"}],"author":[{"embeddable":true,"href":"https:\/\/2026.bibliocon.de\/en\/wp-json\/wp\/v2\/users\/3"}],"replies":[{"embeddable":true,"href":"https:\/\/2026.bibliocon.de\/en\/wp-json\/wp\/v2\/comments?post=1881"}],"version-history":[{"count":22,"href":"https:\/\/2026.bibliocon.de\/en\/wp-json\/wp\/v2\/pages\/1881\/revisions"}],"predecessor-version":[{"id":2952,"href":"https:\/\/2026.bibliocon.de\/en\/wp-json\/wp\/v2\/pages\/1881\/revisions\/2952"}],"wp:attachment":[{"href":"https:\/\/2026.bibliocon.de\/en\/wp-json\/wp\/v2\/media?parent=1881"}],"curies":[{"name":"wp","href":"https:\/\/api.w.org\/{rel}","templated":true}]}}